{"id":84,"date":"2013-05-31T09:33:55","date_gmt":"2013-05-31T09:33:55","guid":{"rendered":"http:\/\/guiavisualwonder.grupiref.org\/?page_id=84"},"modified":"2015-11-14T12:54:59","modified_gmt":"2015-11-14T12:54:59","slug":"quarta-partjack","status":"publish","type":"page","link":"http:\/\/guiavisualwonder.grupiref.org\/?page_id=84","title":{"rendered":"QUARTA PART<br>JACK"},"content":{"rendered":"<p><head><script type=\"text\/javascript\"><\/p>\n<p>  var _gaq = _gaq || [];\n  _gaq.push(['_setAccount', 'UA-41710136-1']);\n  _gaq.push(['_setDomainName', 'grupiref.org']);\n  _gaq.push(['_setAllowLinker', true]);\n  _gaq.push(['_trackPageview']);<\/p>\n<p>  (function() {\n    var ga = document.createElement('script'); ga.type = 'text\/javascript'; ga.async = true;\n    ga.src = ('https:' == document.location.protocol ? 'https:\/\/ssl' : 'http:\/\/www') + '.google-analytics.com\/ga.js';\n    var s = document.getElementsByTagName('script')[0]; s.parentNode.insertBefore(ga, s);\n  })();<\/p>\n<p><\/script><br \/>\n<\/head><br \/>\n<strong>P\u00e0gina 183<\/strong><\/p>\n<p>&nbsp;<\/p>\n<p><strong>\u00abAquest \u00e9s el meu secret. \u00c9s molt senzill.<\/strong><\/p>\n<p><img loading=\"lazy\" decoding=\"async\" class=\"alignright\" style=\"color: #333333; font-style: normal; line-height: 24px;\" alt=\"\" src=\"http:\/\/4.bp.blogspot.com\/-qGIFbgfHSpE\/UUBRgpF4sII\/AAAAAAAAZAI\/Dvg7Ayj65Mc\/s320\/p+pr%25C3%25ADncep+1.jpg\" width=\"239\" height=\"320\" \/><\/p>\n<p>&nbsp;<\/p>\n<p><strong><br \/>\nNom\u00e9s hi veiem b\u00e9 amb el cor.<\/strong><br \/>\n<strong>L\u2019essencial \u00e9s invisible pels ulls.<\/strong><br \/>\n<strong>ANTOINE DE SAINT-EXUP\u00c9RY, El petit pr\u00edncep\u00bb<\/strong><\/p>\n<p>Aquesta \u00e9s una cita del llibre <em>El Petit pr\u00edncep<\/em>, segurament la lli\u00e7\u00f3 m\u00e9s important del llibre i que aqu\u00ed s\u2019usa per introduir aquesta part, en la que sentirem la veu de Jack.<\/p>\n<p>&nbsp;<\/p>\n<p>&#8211; El Petit Pr\u00edncep<\/p>\n<p><a href=\"http:\/\/apliense.xtec.cat\/prestatgeria\/a8901109_825\/llibre\/\">http:\/\/apliense.xtec.cat\/prestatgeria\/a8901109_825\/llibre\/<\/a><\/p>\n<p>&nbsp;<\/p>\n<p>&#8211; El Principito<br \/>\n<a href=\"http:\/\/apliense.xtec.cat\/prestatgeria\/a8901109_829\/llibre\/\" target=\"_blank\">http:\/\/apliense.xtec.cat\/prestatgeria\/a8901109_829\/llibre\/<\/a><\/p>\n<p>&nbsp;<\/p>\n<p>&#8211; The Little Prince<br \/>\n<a href=\"http:\/\/apliense.xtec.cat\/prestatgeria\/a8901109_835\/llibre\/\" target=\"_blank\">http:\/\/apliense.xtec.cat\/prestatgeria\/a8901109_835\/llibre\/<\/a><br \/>\n&nbsp;<br \/>\n&nbsp;<br \/>\n<strong>P\u00e0gina 198<\/strong><\/p>\n<p>&nbsp;<\/p>\n<p><strong>\u00abJo crec que era l&#8217;\u00fanic que no en sabia res, a part de la Summer i potser la colla de Dracs i masmorres.\u00bb<\/strong><\/p>\n<p>&nbsp;<\/p>\n<p><em>Dracs i Masmorres<\/em> (t\u00edtol original en angl\u00e8s,<em> Dungeons &amp; Dragons<\/em>) \u00e9s una pel\u00b7l\u00edcula de fantasia de l\u2019any 2000 dirigida per Courtney Solomon i basat en el joc de rol <em>Dungeons &amp; Dragons<\/em>. Aquesta pel\u00b7l\u00edcula ha sigut doblada a diverses lleng\u00fces, entre elles el catal\u00e0.<\/p>\n<p><img loading=\"lazy\" decoding=\"async\" class=\"aligncenter\" alt=\"\" src=\"http:\/\/descarregadirecta.flog.cat\/img\/downs\/p\/mc_372.gif\" width=\"350\" height=\"489\" \/><br \/>\nLa hist\u00f2ria tracta del pervers mag Profion que intenta controlar els dracs vermells amb un potent artefacte, i vol destronar la idealista jove Emperadriu Savina d\u2019Izmer.<\/p>\n<p><em><strong>Dungeons &amp; Dragons<\/strong> <\/em>\u00e9s un dels primers jocs de rol moderns. De fantasia medieval; va ser publicat per primera vegada l&#8217;any 1974. Provenia dels t\u00edpics jocs de taula de guerra que es jugaven amb paper, llapis i daus. Tamb\u00e9 es coneix pel nom de Dracs i Masmorres at\u00e8s la traducci\u00f3 de la pel\u00b7l\u00edcula del mateix nom, i la s\u00e8rie animada emesa per televisi\u00f3 al nostre pa\u00eds amb un \u00e8xit moderat.<br \/>\nEls jugadors s\u2019inventen un personatge que viu moltes aventures imagin\u00e0ries ja sigui combatent monstres ficticis, reunint tresors, interactuant entre ells, i van guanyant punts.<br \/>\n&nbsp;<br \/>\n&nbsp;<br \/>\n<strong>P\u00e0gina 200<\/strong><\/p>\n<p>&nbsp;<\/p>\n<p><strong>\u00abLa primera nevada va ser just abans del Dia d\u2019Acci\u00f3 de Gr\u00e0cies.\u00bb<\/strong><\/p>\n<p>&nbsp;<\/p>\n<p>El dia d\u2019acci\u00f3 de gr\u00e0cies (en angl\u00e8s <em>Thanksgiving<\/em>) \u00e9s una festa anual per agrair a D\u00e9u la collita de la temporada. Als Estats Units se celebra el quart dijous de novembre. Al Canad\u00e0 se celebra el segon dilluns d\u2019octubre. Les fam\u00edlies es reuneixen i fan un \u00e0pat tradicional.<\/p>\n<p>&nbsp;<br \/>\n&nbsp;<br \/>\n<strong>P\u00e0gina 204<\/strong><\/p>\n<p>&nbsp;<\/p>\n<p><strong>\u00abViv\u00edem a l\u2019altre Broadway\u00bb<\/strong><\/p>\n<p>&nbsp;<\/p>\n<p>L\u2019altre Broadway aqu\u00ed indica el revers del Brodwany dels teatres i fantasia que coneixem. \u00c9s un extrem del carrer de cases humils.<br \/>\n&nbsp;<br \/>\n&nbsp;<br \/>\n<strong>P\u00e0gina 206<\/strong><\/p>\n<p>&nbsp;<\/p>\n<p><strong>\u00abCamp de golf de Wetchester.\u00bb<\/strong><\/p>\n<p>&nbsp;<\/p>\n<p><img loading=\"lazy\" decoding=\"async\" class=\"aligncenter\" alt=\"\" src=\"http:\/\/www.westchestergc.com\/sites\/default\/files\/content-header\/westchester-contact-banner1.png?1356558237\" width=\"400\" height=\"103\" \/><\/p>\n<p>&nbsp;<\/p>\n<p>&nbsp;<\/p>\n<p><strong>P\u00e0gina 208<\/strong><\/p>\n<p>&nbsp;<\/p>\n<p><strong>\u00abI aleshores per dins crido: Oh noooooooo!, com el nen aquell de Sol a casa.\u00bb<\/strong><\/p>\n<p><strong><\/strong><img loading=\"lazy\" decoding=\"async\" class=\"alignleft\" alt=\"\" src=\"http:\/\/www.fox.es\/content\/fox_films\/10730\/images\/es_cinp_000388.jpg\" width=\"215\" height=\"310\" \/><br \/>\nSola a casa \u00e9s una pel\u00b7l\u00edcula del 1990. Kevin McAllister \u00e9s un nen de vuit anys, membre d&#8217;una fam\u00edlia nombrosa, que es queda abandonat a casa quan tota la fam\u00edlia se&#8217;n va a passar les vacances a Fran\u00e7a. Kevin apr\u00e8n a valer-se pel seu compte i fins i tot a protegir-se de Harry i Marv, dos bergants que roben totes les cases tancades del seu ve\u00efnat. Quant la seva mare el troba a faltar, torna precipitadament a Chicago per recuperar el seu fill.<br \/>\nA Llatinoam\u00e8rica el film es va dir \u00abEl meu pobre angelet\u00bb.<br \/>\n<strong>P\u00e0gina 210<\/strong><\/p>\n<p>&nbsp;<\/p>\n<p><strong>\u00abLes pel\u00b7l\u00edcules de Charlie Brown.\u00bb<\/strong><\/p>\n<p>&nbsp;<\/p>\n<p>Peanuts o Charlie Brown i Snoopy, s\u00f3n uns curts animats que van sorgir d\u2019una tira de diari els anys 1960 als EEUU.<\/p>\n<p>&nbsp;<\/p>\n<p><img loading=\"lazy\" decoding=\"async\" class=\"aligncenter\" alt=\"\" src=\"http:\/\/images3.wikia.nocookie.net\/__cb20101107064314\/doblaje\/es\/images\/f\/fb\/Charliebrown.png\" width=\"300\" height=\"559\" \/><br \/>\nV\u00eddeos en espanyol:<br \/>\n<a href=\"http:\/\/www.youtube.com\/watch?v=0MCGcy5q2Yg\" target=\"_blank\">http:\/\/www.youtube.com\/watch?v=0MCGcy5q2Yg<\/a><br \/>\n<a href=\"http:\/\/www.youtube.com\/watch?v=SUjpydCvh8Y\" target=\"_blank\">http:\/\/www.youtube.com\/watch?v=SUjpydCvh8Y<\/a><br \/>\n<a href=\"http:\/\/www.youtube.com\/watch?v=RAzI9TukGDQ\" target=\"_blank\">http:\/\/www.youtube.com\/watch?v=RAzI9TukGDQ<\/a><br \/>\n<a href=\"http:\/\/www.youtube.com\/watch?v=gUCXQ3JTx8I\" target=\"_blank\">http:\/\/www.youtube.com\/watch?v=gUCXQ3JTx8I<\/a><br \/>\n&nbsp;<br \/>\n&nbsp;<br \/>\n<strong>P\u00e0gina 215<\/strong><\/p>\n<p>&nbsp;<\/p>\n<p><strong>\u00abJanuc\u00e1\u00bb<\/strong><\/p>\n<p>&nbsp;<\/p>\n<p>\u00c9s una festivitat religiosa jueva que se celebra el desembre. Aquesta festivitat, tamb\u00e9 anomenada \u00abfesta de les llums\u00bb, commemora el poder de la llum sobre la foscor i dura vuit dies consecutius.<\/p>\n<p><img loading=\"lazy\" decoding=\"async\" class=\"aligncenter\" alt=\"\" src=\"https:\/\/encrypted-tbn3.gstatic.com\/images?q=tbn:ANd9GcSZOJT22qB0jjcTm84Z_uTcw4C53iJL3mwmunqJvINqxcSe5XSn\" width=\"290\" height=\"174\" \/><\/p>\n<p>&nbsp;<\/p>\n<p>S&#8217;enc\u00e9n una \u00abjanukia\u00bb o canelobre de nou bra\u00e7os (vuit per a cada dia que es commemora i un extra per encendre els altres). Les espelmes s&#8217;encenen despr\u00e9s de la posta del sol, o al vespre, i es deixen enceses com a m\u00ednim mitja hora. El canelobre es col\u00b7loca al llindar principal de la casa, o prop de la finestra perqu\u00e8 la llum de les espelmes il\u00b7lumini el major espai possible i es recordi el miracle de la llum.<\/p>\n<p>&nbsp;<\/p>\n<p><strong>\u00abKwanzaa\u00bb<\/strong><\/p>\n<p>&nbsp;<\/p>\n<p>Kwanzaa \u00e9s una celebraci\u00f3 dels Estats Units que dura una setmana, des del 26 de desembre fins a l&#8217;1 de gener, en honor de l&#8217;her\u00e8ncia i la cultura afro-americana. Compta amb rituals com encendre un canelobre amb set espelmes i culmina en una festa en la que es reparteixen regals. Es va celebrar per primera vegada el 1966-67.<\/p>\n<p><img loading=\"lazy\" decoding=\"async\" class=\"aligncenter\" alt=\"\" src=\"http:\/\/t3.gstatic.com\/images?q=tbn:ANd9GcS54xMb547Q1xBogVtBxL6lK1aLML3cCxDoArW8gAQ85Hp_Sa6UOw\" width=\"235\" height=\"215\" \/><\/p>\n<p>El nom Kwanzaa deriva de la frase en suahili Matunda ja kwanza, \u00e9s a dir, els primers fruits de la collita. T\u00e9 el seu origen en el costum de reunir-se al voltant de la primera collita de l&#8217;any. \u00c9s una festivitat social, de reuni\u00f3, de comunitat.<\/p>\n<p>&nbsp;<br \/>\n&nbsp;<br \/>\n<strong>P\u00e0gina 217<\/strong><\/p>\n<p>&nbsp;<\/p>\n<p><strong>\u00abLa mare del Julian ha retocat l&#8217;August amb el Photoshop.\u00bb<\/strong><\/p>\n<p>&nbsp;<\/p>\n<p>Photoshop es un programa inform\u00e0tic que permet als usuaris editar fotos, incloent l\u2019eliminaci\u00f3 d\u2019elements com ara d\u2019objectes i persones.<br \/>\nAlguns exemples del que es pot fer amb Photoshop:<\/p>\n<p><img loading=\"lazy\" decoding=\"async\" class=\"aligncenter\" alt=\"\" src=\"http:\/\/2.bp.blogspot.com\/-__PlhF0pSH0\/UYJGLuhDpsI\/AAAAAAAAAFM\/_EotHUeUa9w\/s400\/photo.png\" width=\"400\" height=\"159\" \/><\/p>\n<p>&nbsp;<\/p>\n<p>P\u00e0gines 220\/231<\/p>\n<p>&nbsp;<\/p>\n<p><strong>\u00abEscola inclusiva\u00bb<\/strong><br \/>\n<img loading=\"lazy\" decoding=\"async\" class=\"alignleft\" alt=\"\" src=\"http:\/\/2.bp.blogspot.com\/-iNdA4r64dco\/UYJGuYr13bI\/AAAAAAAAAFU\/bH_6I2W18Rs\/s320\/photo.png\" width=\"320\" height=\"214\" \/>En un Correu electr\u00f2nic al Sr Culet, la mare de Julian li recorda que la Beecher no \u00e9s una escola inclusiva. Una escola inclusiva permet que els estudiants amb necessitats especials puguin assolir una educaci\u00f3 general.<br \/>\n<strong>P\u00e0gina 241<\/strong><\/p>\n<p>&nbsp;<\/p>\n<p>P\u00f2ster de l\u2019Imperi contraataca com el que Auggie deu tenir a la seva habitaci\u00f3<\/p>\n<p><img loading=\"lazy\" decoding=\"async\" class=\"aligncenter\" alt=\"\" src=\"http:\/\/1.bp.blogspot.com\/_ReWKCpkqxuo\/S80pHf6gI3I\/AAAAAAAAFsE\/wkj05jm-7eE\/s320\/Star+Wars+-+The+Empire+Strikes+Back.jpg\" width=\"228\" height=\"320\" \/><\/p>\n<p>&nbsp;<\/p>\n<p><strong>P\u00e0gina 242<\/strong><\/p>\n<p>&nbsp;<\/p>\n<p><strong>\u00ab-Ostres! \u00bfTens la Xbox 360?<\/strong><br \/>\n<strong> Tens algun joc de Halo?\u00bb<\/strong><\/p>\n<p>&nbsp;<\/p>\n<p><img loading=\"lazy\" decoding=\"async\" class=\"alignright\" style=\"color: #333333; font-style: normal; line-height: 24px;\" alt=\"\" src=\"http:\/\/images.wikia.com\/halo\/es\/images\/c\/cb\/Halo-combat-evolved-pc.jpg\" width=\"331\" height=\"332\" \/><\/p>\n<p>&nbsp;<\/p>\n<p>Halo es un dels jocs m\u00e9s usats per jugar online.<\/p>\n<p>\u00c9s un dels grans \u00e8xits de Microsoft. \u00c9s una superproducci\u00f3 plena de detalls i d\u2019opcions. Amb una ambientaci\u00f3 perfecte que mant\u00e9 l\u2019atenci\u00f3 i la tensi\u00f3 durant tota la partida.<\/p>\n<p>&nbsp;<\/p>\n<p>&nbsp;<\/p>\n<p>&nbsp;<br \/>\n&nbsp;<br \/>\n&nbsp;<br \/>\n&nbsp;<br \/>\n&nbsp;<\/p>\n<p>&nbsp;<\/p>\n<p>Quan Jack va a casa d\u2019 Auggie a treballar en el projecte de ci\u00e8ncies, s\u2019adona que Auggie t\u00e9 un iMac. I comenta que a casa nom\u00e9s tenen un Dell antic.<\/p>\n<p><img loading=\"lazy\" decoding=\"async\" class=\"aligncenter\" alt=\"\" src=\"http:\/\/iphoneate.com\/wp-content\/uploads\/2013\/01\/imac-24-como-nuevas_MLM-F-3340518113_102012.jpg\" width=\"320\" height=\"276\" \/><\/p>\n<p style=\"text-align: center;\">IMac<\/p>\n<p style=\"text-align: center;\"><img loading=\"lazy\" decoding=\"async\" class=\"aligncenter\" alt=\"\" src=\"http:\/\/www.mrmartinweb.com\/images\/computer\/dell386sx.jpg\" width=\"360\" height=\"438\" \/><\/p>\n<p style=\"text-align: center;\">Dell antic<\/p>\n<p style=\"text-align: center;\">\n<p style=\"text-align: left;\">\n&nbsp;<br \/>\n&nbsp;<\/p>\n<p><strong> P\u00e0gina 243<\/strong><\/p>\n<p>&nbsp;<\/p>\n<p style=\"text-align: left;\">\n<p><strong>\u00ab-\u00bfI qu\u00e8 et sembla aix\u00f2 de fer agulles de vidre amb sal Epson?\u00bb<\/strong><\/p>\n<p>&nbsp;<\/p>\n<p><img loading=\"lazy\" decoding=\"async\" class=\"alignleft\" alt=\"\" src=\"http:\/\/2.bp.blogspot.com\/-SvmKOnC0_8E\/T3-NZFF2EII\/AAAAAAAAAHY\/oeU9E4Bkle0\/s320\/epsomsalts.jpg\" width=\"160\" height=\"142\" \/>Com fer agulles de sal Epson r\u00e0pidament. Experiment de laboratori:<br \/>\n<a href=\"http:\/\/laboratorio-quimico.blogspot.com.es\/2012\/04\/como-hacer-cristales-de-sal-de-epson.html\" target=\"_blank\">http:\/\/laboratorio-quimico.blogspot.com.es\/2012\/04\/como-hacer-cristales-de-sal-de-epson.html<\/a><\/p>\n<p>&nbsp;<\/p>\n<p>&nbsp;<br \/>\n&nbsp;<br \/>\n&nbsp;<\/p>\n<p>&nbsp;<\/p>\n<p><strong>P\u00e0gina 244<\/strong><\/p>\n<p>&nbsp;<\/p>\n<p><strong>\u00abElectropatata\u00bb<\/strong><\/p>\n<p><img loading=\"lazy\" decoding=\"async\" class=\"alignright\" alt=\"\" src=\"http:\/\/2.bp.blogspot.com\/-DWg7KMC72M4\/UYJMs288uYI\/AAAAAAAAAFk\/MLayXanOpio\/s200\/photo.png\" width=\"156\" height=\"200\" \/><br \/>\nJack i Auggie s\u00f3n socis per fer un projecte de ci\u00e8ncies. Despr\u00e9s de desestimar el rellotge de sol i el volc\u00e0 decideixen fer la pila org\u00e0nica amb patata: la electropatata.<\/p>\n<p><a href=\"http:\/\/www.kidzworldespanol.com\/articulo\/1095-ciencia-detras-de-la-papa\" target=\"_blank\">http:\/\/www.kidzworldespanol.com\/articulo\/1095-ciencia-detras-de-la-papa<\/a><\/p>\n<p>&nbsp;<\/p>\n<p>&nbsp;<\/p>\n<p><strong>\u00a0<\/strong><br \/>\n&nbsp;<\/p>\n<p><strong>P\u00e0gina 246<\/strong><\/p>\n<p>&nbsp;<\/p>\n<p><strong>\u00ab-El Justin \u00e9s violinista -va aclarir la Via-. Toca en un grup de zydeco.\u00bb<\/strong><\/p>\n<p><img loading=\"lazy\" decoding=\"async\" class=\"alignright\" alt=\"\" src=\"http:\/\/ecx.images-amazon.com\/images\/I\/41GZABC855L.jpg\" width=\"300\" height=\"266\" \/><br \/>\nZydeco \u00e9s una forma musical d\u2019arrels populars i profundament nord-americana. Es va desenvolupar al Sud-oest de Louisiana al Segle XIX a partir de la m\u00fasica criolla. Combina elements del vell estil americ\u00e0 amb melodies de viol\u00ed franceses i melodies celtes amb ritmes llatins.<\/p>\n<p>&nbsp;<br \/>\n&nbsp;<\/p>\n<p>&nbsp;<br \/>\n<strong> P\u00e0gina 247<\/strong><\/p>\n<p>&nbsp;<\/p>\n<p><strong>\u00abS&#8217;assembla a la m\u00fasica criolla\u00bb<\/strong><\/p>\n<p>&nbsp;<\/p>\n<p>La M\u00fasica Criolla \u00e9s una forma de M\u00fasica Peruana, que combina influ\u00e8ncies africanes, espanyoles i andines. Va ser creada pels esclaus durant l\u2019\u00e8poca colonial. El G\u00e8nere m\u00e9s popular de la M\u00fasica Criolla al Per\u00fa \u00e9s la marinera. Els ritmes s\u00f3n Festeig, Land\u00f3, esvoranc, Preg\u00f3, la zamacueca, vals peru\u00e0, el tondero, Alcatraz i altres. Es toca amb una barreja d\u2019instruments espanyols i ind\u00edgenes.<br \/>\nFins el 1950 era una m\u00fasica privada que es tocava en reunions familiars, poc a poc es va recopilant i va assolint reconeixement.<\/p>\n<p><a href=\"http:\/\/www.amigosdevilla.it\/musica\/musica\/criolla.htm\" target=\"_blank\">http:\/\/www.amigosdevilla.it\/musica\/musica\/criolla.htm<\/a><\/p>\n","protected":false},"excerpt":{"rendered":"<p>P\u00e0gina 183 &nbsp; \u00abAquest \u00e9s el meu secret. \u00c9s molt senzill. &nbsp; Nom\u00e9s hi veiem b\u00e9 amb el cor. L\u2019essencial \u00e9s invisible pels ulls. ANTOINE DE SAINT-EXUP\u00c9RY, El petit pr\u00edncep\u00bb Aquesta \u00e9s una cita del llibre El Petit pr\u00edncep, segurament &hellip; <a href=\"http:\/\/guiavisualwonder.grupiref.org\/?page_id=84\">Sigue leyendo <span class=\"meta-nav\">&rarr;<\/span><\/a><\/p>\n","protected":false},"author":1,"featured_media":0,"parent":0,"menu_order":0,"comment_status":"closed","ping_status":"closed","template":"sidebar-page.php","meta":{"footnotes":""},"class_list":["post-84","page","type-page","status-publish","hentry"],"_links":{"self":[{"href":"http:\/\/guiavisualwonder.grupiref.org\/index.php?rest_route=\/wp\/v2\/pages\/84","targetHints":{"allow":["GET"]}}],"collection":[{"href":"http:\/\/guiavisualwonder.grupiref.org\/index.php?rest_route=\/wp\/v2\/pages"}],"about":[{"href":"http:\/\/guiavisualwonder.grupiref.org\/index.php?rest_route=\/wp\/v2\/types\/page"}],"author":[{"embeddable":true,"href":"http:\/\/guiavisualwonder.grupiref.org\/index.php?rest_route=\/wp\/v2\/users\/1"}],"replies":[{"embeddable":true,"href":"http:\/\/guiavisualwonder.grupiref.org\/index.php?rest_route=%2Fwp%2Fv2%2Fcomments&post=84"}],"version-history":[{"count":10,"href":"http:\/\/guiavisualwonder.grupiref.org\/index.php?rest_route=\/wp\/v2\/pages\/84\/revisions"}],"predecessor-version":[{"id":172,"href":"http:\/\/guiavisualwonder.grupiref.org\/index.php?rest_route=\/wp\/v2\/pages\/84\/revisions\/172"}],"wp:attachment":[{"href":"http:\/\/guiavisualwonder.grupiref.org\/index.php?rest_route=%2Fwp%2Fv2%2Fmedia&parent=84"}],"curies":[{"name":"wp","href":"https:\/\/api.w.org\/{rel}","templated":true}]}}